{"id":12687,"date":"2022-05-18T06:42:59","date_gmt":"2022-05-18T03:42:59","guid":{"rendered":"https:\/\/www.saka.ee\/vaba-aeg\/"},"modified":"2026-03-22T23:55:55","modified_gmt":"2026-03-22T21:55:55","slug":"vaba-aeg","status":"publish","type":"page","link":"https:\/\/www.saka.ee\/fi\/vaba-aeg\/","title":{"rendered":"Vapaa-ajan vietto Sakan kartanossa"},"content":{"rendered":"\n<p class=\"has-text-align-center wp-el\">Kun arjen rutiinit alkavat kaatua p\u00e4\u00e4lle, on korkea aika etsi\u00e4 rauhaa. Sakan kartano on t\u00e4ydellinen pakopaikka: koskematon luonto, laineiden liplatus rannassa ja vesiputouksen kohina, linnunlaulu ja hiljaisuus, rauha ja anonyymius.<\/p>\n\n\n<div id=\"acf-block_216a401839171a2b3f9e07481e041f37\" class=\"acf-block-element element-gallery\"><div class=\"gallery gallery-masonry\"><figure class=\"gallery-item\"><a href=\"https:\/\/www.saka.ee\/wp-content\/uploads\/2022\/07\/H16A5737.jpg\"><img loading=\"lazy\" decoding=\"async\" width=\"383\" height=\"220\" src=\"https:\/\/www.saka.ee\/wp-content\/uploads\/fly-images\/12097\/H16A5737-383x220-c.jpg\" class=\"attachment-383x220\" alt=\"H16A5737\" \/><\/a><\/figure><figure class=\"gallery-item\"><a href=\"https:\/\/www.saka.ee\/wp-content\/uploads\/2022\/07\/IMGP0633-scaled.jpg\"><img loading=\"lazy\" decoding=\"async\" width=\"383\" height=\"220\" src=\"https:\/\/www.saka.ee\/wp-content\/uploads\/fly-images\/12093\/IMGP0633-scaled-383x220-c.jpg\" class=\"attachment-383x220\" alt=\"IMGP0633\" \/><\/a><\/figure><figure class=\"gallery-item\"><a href=\"https:\/\/www.saka.ee\/wp-content\/uploads\/2022\/07\/IMGP0247-scaled.jpg\"><img loading=\"lazy\" decoding=\"async\" width=\"383\" height=\"220\" src=\"https:\/\/www.saka.ee\/wp-content\/uploads\/fly-images\/12094\/IMGP0247-scaled-383x220-c.jpg\" class=\"attachment-383x220\" alt=\"IMGP0247\" \/><\/a><\/figure><\/div><\/div>\n\n<div id=\"acf-block_b652eacf9d7c504aed4901d487d436d3\" class=\"acf-block-element element-txtmedia\"><div class=\"row row-grid align-items-center\"><div class=\"col-12 col-md-6 col-content\"><div class=\"col-inner\">\n\n<h2 class=\"wp-block-heading wp-el\"><strong>Tennis<\/strong><\/h2>\n\n\n\n<p class=\"wp-el\">T\u00e4m\u00e4 suosittu urheilulaji on loistava tapa viett\u00e4\u00e4 vapaa-aikaa. Kartanon puiston laidalla on vierekk\u00e4in kaksi tekonurmikentt\u00e4\u00e4.<\/p>\n\n\n\n<p class=\"wp-el\">Voit:<\/p>\n\n\n\n<ul class=\"wp-block-list wp-el\">\n<li>vuokrata kent\u00e4n 10 \u20ac\/h<\/li>\n\n\n\n<li>vuokrata kent\u00e4n varusteineen 15 \u20ac\/h<\/li>\n\n\n\n<li>tarvittaessa ostaa uusia tennispalloja 2,50 \u20ac\/kpl<\/li>\n<\/ul>\n\n<\/div><\/div><div class=\"col-12 col-md-6 col-media\"><div class=\"splide\" data-splide={\"type\":\"fade\",\"arrows\":false}><div class=\"splide__track\"><ul class=\"splide__list\"><li class=\"splide__slide\"><a href=\"https:\/\/www.saka.ee\/wp-content\/uploads\/2022\/05\/Saka-tenniscup-2021-scaled.jpg\" data-fancybox=\"txtmedia-acf-block_b652eacf9d7c504aed4901d487d436d3\"><img loading=\"lazy\" decoding=\"async\" width=\"570\" height=\"380\" src=\"https:\/\/www.saka.ee\/wp-content\/uploads\/2022\/05\/Saka-tenniscup-2021-570x380.jpg\" class=\"attachment-img-570x380 size-img-570x380\" alt=\"\" srcset=\"https:\/\/www.saka.ee\/wp-content\/uploads\/2022\/05\/Saka-tenniscup-2021-570x380.jpg 570w, https:\/\/www.saka.ee\/wp-content\/uploads\/2022\/05\/Saka-tenniscup-2021-960x640.jpg 960w, https:\/\/www.saka.ee\/wp-content\/uploads\/2022\/05\/Saka-tenniscup-2021-570x380@2x.jpg 1140w\" sizes=\"auto, (max-width: 570px) 100vw, 570px\" \/><\/a><\/li><\/ul><\/div><\/div><\/div><\/div><\/div>\n\n<div id=\"acf-block_035b1cb2ba65aafa6ca3a3bf26ee2a23\" class=\"acf-block-element element-txtmedia\"><div class=\"row row-grid align-items-center\"><div class=\"col-12 col-md-6 col-content order-md-1\"><div class=\"col-inner\">\n\n<h2 class=\"wp-block-heading wp-el\"><strong>Jousiammunta<\/strong><\/h2>\n\n\n\n<ul class=\"wp-block-list wp-el\">\n<li>Ammattilaisten suosituksesta olemme suosineet Legend-jousta, jota aloittelijankin on helppoa ja k\u00e4tev\u00e4\u00e4 k\u00e4sitell\u00e4.<\/li>\n\n\n\n<li>Jokainen pelaaja saa sormi- ja k\u00e4sisuojat ja tietoa turvallisuuss\u00e4\u00e4nt\u00f6ist\u00e4.<\/li>\n<\/ul>\n\n\n\n<p class=\"wp-el\"><strong>HUOM!<\/strong> Valitettavasti jousiammuntaa eiv\u00e4t voi meill\u00e4 harrastaa alle 12-vuotiaat lapset. Se on sallittua 12-18-vuotiaille vanhempien l\u00e4sn\u00e4ollessa ja vastuulla.<\/p>\n\n\n\n<p class=\"wp-el\"><strong>JOUSIAMMUNTA hinta per tunti: 7 \u20ac<\/strong><\/p>\n\n<\/div><\/div><div class=\"col-12 col-md-6 col-media\"><div class=\"splide\" data-splide={\"type\":\"fade\",\"arrows\":false}><div class=\"splide__track\"><ul class=\"splide__list\"><li class=\"splide__slide\"><a href=\"https:\/\/www.saka.ee\/wp-content\/uploads\/2022\/06\/saka-vibulaskmine.jpeg\" data-fancybox=\"txtmedia-acf-block_035b1cb2ba65aafa6ca3a3bf26ee2a23\"><img loading=\"lazy\" decoding=\"async\" width=\"570\" height=\"380\" src=\"https:\/\/www.saka.ee\/wp-content\/uploads\/2022\/06\/saka-vibulaskmine-570x380.jpeg\" class=\"attachment-img-570x380 size-img-570x380\" alt=\"\" srcset=\"https:\/\/www.saka.ee\/wp-content\/uploads\/2022\/06\/saka-vibulaskmine-570x380.jpeg 570w, https:\/\/www.saka.ee\/wp-content\/uploads\/2022\/06\/saka-vibulaskmine-960x640.jpeg 960w, https:\/\/www.saka.ee\/wp-content\/uploads\/2022\/06\/saka-vibulaskmine.jpeg 1920w, https:\/\/www.saka.ee\/wp-content\/uploads\/2022\/06\/saka-vibulaskmine-570x380@2x.jpeg 1140w\" sizes=\"auto, (max-width: 570px) 100vw, 570px\" \/><\/a><\/li><\/ul><\/div><\/div><\/div><\/div><\/div>\n\n<div id=\"acf-block_7a7e9b3492d1497930f5dec218db508c\" class=\"acf-block-element element-txtmedia\"><div class=\"row row-grid align-items-center\"><div class=\"col-12 col-md-6 col-content order-md-1\"><div class=\"col-inner\">\n\n<h2 class=\"wp-block-heading wp-el\"><strong>P\u00f6yt\u00e4tennis<\/strong><\/h2>\n\n\n\n<p class=\"wp-el\">Sakan kartanon konserttilavalla on pingisp\u00f6yt\u00e4, jota voi k\u00e4ytt\u00e4\u00e4 hintaan <strong>7 \u20ac\/tunti<\/strong> (varusteet kahdelle hengelle)<\/p>\n\n<\/div><\/div><div class=\"col-12 col-md-6 col-media\"><div class=\"splide\" data-splide={\"type\":\"fade\",\"arrows\":false}><div class=\"splide__track\"><ul class=\"splide__list\"><li class=\"splide__slide\"><a href=\"https:\/\/www.saka.ee\/wp-content\/uploads\/2022\/06\/pingpong.jpeg\" data-fancybox=\"txtmedia-acf-block_7a7e9b3492d1497930f5dec218db508c\"><img loading=\"lazy\" decoding=\"async\" width=\"570\" height=\"380\" src=\"https:\/\/www.saka.ee\/wp-content\/uploads\/2022\/06\/pingpong-570x380.jpeg\" class=\"attachment-img-570x380 size-img-570x380\" alt=\"\" srcset=\"https:\/\/www.saka.ee\/wp-content\/uploads\/2022\/06\/pingpong-570x380.jpeg 570w, https:\/\/www.saka.ee\/wp-content\/uploads\/2022\/06\/pingpong-960x640.jpeg 960w, https:\/\/www.saka.ee\/wp-content\/uploads\/2022\/06\/pingpong.jpeg 1920w, https:\/\/www.saka.ee\/wp-content\/uploads\/2022\/06\/pingpong-570x380@2x.jpeg 1140w\" sizes=\"auto, (max-width: 570px) 100vw, 570px\" \/><\/a><\/li><\/ul><\/div><\/div><\/div><\/div><\/div>\n\n<div id=\"acf-block_d97e95efd681a389959632589d1b15c8\" class=\"acf-block-element element-txtmedia\"><div class=\"row row-grid align-items-center\"><div class=\"col-12 col-md-6 col-content\"><div class=\"col-inner\">\n\n<h2 class=\"wp-block-heading wp-el\"><strong>Polkupy\u00f6r\u00e4n vuokraus<\/strong><\/h2>\n\n\n\n<p class=\"wp-el\">Meilt\u00e4 voi vuokrata polkupy\u00f6ri\u00e4, mik\u00e4 onkin loistava tapa tutustua Sakan kartanon ymp\u00e4rist\u00f6\u00f6n ja nauttia luonnosta. Py\u00f6r\u00e4ily on mukava ja ymp\u00e4rist\u00f6yst\u00e4v\u00e4llinen tapa liikkua.<\/p>\n\n\n\n<p class=\"wp-el\">Py\u00f6r\u00e4n vuokra:<\/p>\n\n\n\n<ul class=\"wp-block-list wp-el\">\n<li><strong>5 \u20ac\/tunti<\/strong><\/li>\n\n\n\n<li><strong>16 \u20ac\/p\u00e4iv\u00e4<\/strong><\/li>\n<\/ul>\n\n<\/div><\/div><div class=\"col-12 col-md-6 col-media\"><div class=\"splide\" data-splide={\"type\":\"fade\",\"arrows\":false}><div class=\"splide__track\"><ul class=\"splide__list\"><li class=\"splide__slide\"><a href=\"https:\/\/www.saka.ee\/wp-content\/uploads\/2022\/06\/jalgratturid.jpeg\" data-fancybox=\"txtmedia-acf-block_d97e95efd681a389959632589d1b15c8\"><img loading=\"lazy\" decoding=\"async\" width=\"570\" height=\"380\" src=\"https:\/\/www.saka.ee\/wp-content\/uploads\/2022\/06\/jalgratturid-570x380.jpeg\" class=\"attachment-img-570x380 size-img-570x380\" alt=\"\" srcset=\"https:\/\/www.saka.ee\/wp-content\/uploads\/2022\/06\/jalgratturid-570x380.jpeg 570w, https:\/\/www.saka.ee\/wp-content\/uploads\/2022\/06\/jalgratturid-960x640.jpeg 960w, https:\/\/www.saka.ee\/wp-content\/uploads\/2022\/06\/jalgratturid.jpeg 1920w, https:\/\/www.saka.ee\/wp-content\/uploads\/2022\/06\/jalgratturid-570x380@2x.jpeg 1140w\" sizes=\"auto, (max-width: 570px) 100vw, 570px\" \/><\/a><\/li><\/ul><\/div><\/div><\/div><\/div><\/div>\n\n<div id=\"acf-block_d7254a448096aa02da4777b79ddab09f\" class=\"acf-block-element element-txtmedia\"><div class=\"row row-grid align-items-center\"><div class=\"col-12 col-md-6 col-content order-md-1\"><div class=\"col-inner\">\n\n<h2 class=\"wp-block-heading wp-el\"><strong>Piknikkori<\/strong><\/h2>\n\n\n\n<p class=\"wp-el\">Olemme koonneet romanttisen piknikkorin, joka sis\u00e4lt\u00e4\u00e4 runsaan valikoiman naposteltavia kahdelle ja sopii mainiosti raikkaassa ilmassa ruokailuun.<\/p>\n\n\n\n<p class=\"wp-el\">Piknikkori ei sis\u00e4ll\u00e4 alkoholia tai kuumia juomia. Niit\u00e4 voi kuitenkin halutessaan lis\u00e4t\u00e4 tilaukseen. Yhden korin hinta on <strong>25 \u20ac<\/strong> kahdelle hengelle. Korin kera saa mukaan piknikhuovan.<\/p>\n\n\n\n<p class=\"wp-el\"><strong>HUOM! Tilaa piknikkori 12 tuntia etuk\u00e4teen.<\/strong><\/p>\n\n<\/div><\/div><div class=\"col-12 col-md-6 col-media\"><div class=\"splide\" data-splide={\"type\":\"fade\",\"arrows\":false}><div class=\"splide__track\"><ul class=\"splide__list\"><li class=\"splide__slide\"><a href=\"https:\/\/www.saka.ee\/wp-content\/uploads\/2022\/06\/piknikukorv.jpeg\" data-fancybox=\"txtmedia-acf-block_d7254a448096aa02da4777b79ddab09f\"><img loading=\"lazy\" decoding=\"async\" width=\"570\" height=\"380\" src=\"https:\/\/www.saka.ee\/wp-content\/uploads\/2022\/06\/piknikukorv-570x380.jpeg\" class=\"attachment-img-570x380 size-img-570x380\" alt=\"\" srcset=\"https:\/\/www.saka.ee\/wp-content\/uploads\/2022\/06\/piknikukorv-570x380.jpeg 570w, https:\/\/www.saka.ee\/wp-content\/uploads\/2022\/06\/piknikukorv-960x640.jpeg 960w, https:\/\/www.saka.ee\/wp-content\/uploads\/2022\/06\/piknikukorv.jpeg 1920w, https:\/\/www.saka.ee\/wp-content\/uploads\/2022\/06\/piknikukorv-570x380@2x.jpeg 1140w\" sizes=\"auto, (max-width: 570px) 100vw, 570px\" \/><\/a><\/li><\/ul><\/div><\/div><\/div><\/div><\/div>\n\n<div id=\"acf-block_41ca3ae72020a1212cedb3d0a9625dc1\" class=\"acf-block-element element-txtmedia\"><div class=\"row row-grid align-items-center\"><div class=\"col-12 col-md-6 col-content\"><div class=\"col-inner\">\n\n<h2 class=\"wp-block-heading wp-el\"><strong>Rannikko<\/strong><\/h2>\n\n\n\n<p class=\"wp-el\">Sakan kartano sijaitsee Pohjois-Viron t\u00f6rm\u00e4rannikolla paikassa, jossa Baltian klintti saavuttaa korkeimman kohtansa: 55 metri\u00e4 merenpinnan yl\u00e4puolella. Unescon maailmanperint\u00f6luetteloon ehdotettu 1 200 kilometri\u00e4 pitk\u00e4 kalliot\u00f6rm\u00e4 ulottuu \u00d6\u00f6lannin saarelta Laatokalle.<\/p>\n\n\n\n<p class=\"wp-el\">T\u00e4lle Ida-Virumaan maakunnassa sijaitsevalle lyhyelle t\u00f6rm\u00e4np\u00e4tk\u00e4lle mahtuu lukuisia vaellusreittej\u00e4 ja upeita vesiputouksia, joista tunnetuimpia ovat Valasten ja Karjaorun putoukset. Rantaa reunustaa tihe\u00e4 ja rehev\u00e4, l\u00e4hes viidakkomainen aarniomets\u00e4.<\/p>\n\n<\/div><\/div><div class=\"col-12 col-md-6 col-media\"><div class=\"splide\" data-splide={\"type\":\"fade\",\"arrows\":false}><div class=\"splide__track\"><ul class=\"splide__list\"><li class=\"splide__slide\"><a href=\"https:\/\/www.saka.ee\/wp-content\/uploads\/2022\/05\/vaade-terrassilt-min-scaled.jpg\" data-fancybox=\"txtmedia-acf-block_41ca3ae72020a1212cedb3d0a9625dc1\"><img loading=\"lazy\" decoding=\"async\" width=\"570\" height=\"380\" src=\"https:\/\/www.saka.ee\/wp-content\/uploads\/2022\/05\/vaade-terrassilt-min-570x380.jpg\" class=\"attachment-img-570x380 size-img-570x380\" alt=\"\" srcset=\"https:\/\/www.saka.ee\/wp-content\/uploads\/2022\/05\/vaade-terrassilt-min-570x380.jpg 570w, https:\/\/www.saka.ee\/wp-content\/uploads\/2022\/05\/vaade-terrassilt-min-960x640.jpg 960w, https:\/\/www.saka.ee\/wp-content\/uploads\/2022\/05\/vaade-terrassilt-min-570x380@2x.jpg 1140w\" sizes=\"auto, (max-width: 570px) 100vw, 570px\" \/><\/a><\/li><li class=\"splide__slide\"><a href=\"https:\/\/www.saka.ee\/wp-content\/uploads\/2022\/05\/AP-126.jpg\" data-fancybox=\"txtmedia-acf-block_41ca3ae72020a1212cedb3d0a9625dc1\"><img loading=\"lazy\" decoding=\"async\" width=\"570\" height=\"380\" src=\"https:\/\/www.saka.ee\/wp-content\/uploads\/2022\/05\/AP-126-570x380.jpg\" class=\"attachment-img-570x380 size-img-570x380\" alt=\"\" \/><\/a><\/li><\/ul><\/div><\/div><\/div><\/div><\/div>\n\n<div id=\"acf-block_efbf88b2d7161efd74137e6ad894f078\" class=\"acf-block-element element-txtmedia\"><div class=\"row row-grid align-items-center\"><div class=\"col-12 col-md-6 col-content order-md-1\"><div class=\"col-inner\">\n\n<h2 class=\"wp-block-heading wp-el\"><strong>Ranta<\/strong><\/h2>\n\n\n\n<p class=\"wp-el\">Todellinen helmi on hotellin alapuolella oleva valkohiekkainen ranta. Kallion painon puristamana rannalle pursottuu jyrk\u00e4st\u00e4 t\u00f6rm\u00e4st\u00e4 sinisavea, ja lukuisat purot ja norot etsiv\u00e4t suorempaa tiet\u00e4 mereen j\u00e4tt\u00e4en j\u00e4lkeens\u00e4 kummia savisia j\u00e4lki\u00e4.<\/p>\n\n\n\n<p class=\"wp-el\">Rannassa lojuu lukemattomia korkeasta \u00e4yr\u00e4\u00e4st\u00e4 repeytyneit\u00e4 puunrunkoja juurineen, toisiinsa kiertyneen\u00e4 kuin k\u00e4\u00e4rmeet&#8230;<\/p>\n\n<\/div><\/div><div class=\"col-12 col-md-6 col-media\"><div class=\"splide\" data-splide={\"type\":\"fade\",\"arrows\":false}><div class=\"splide__track\"><ul class=\"splide__list\"><li class=\"splide__slide\"><a href=\"https:\/\/www.saka.ee\/wp-content\/uploads\/2022\/06\/liivarand.jpeg\" data-fancybox=\"txtmedia-acf-block_efbf88b2d7161efd74137e6ad894f078\"><img loading=\"lazy\" decoding=\"async\" width=\"570\" height=\"380\" src=\"https:\/\/www.saka.ee\/wp-content\/uploads\/2022\/06\/liivarand-570x380.jpeg\" class=\"attachment-img-570x380 size-img-570x380\" alt=\"\" srcset=\"https:\/\/www.saka.ee\/wp-content\/uploads\/2022\/06\/liivarand-570x380.jpeg 570w, https:\/\/www.saka.ee\/wp-content\/uploads\/2022\/06\/liivarand-960x640.jpeg 960w, https:\/\/www.saka.ee\/wp-content\/uploads\/2022\/06\/liivarand.jpeg 1920w, https:\/\/www.saka.ee\/wp-content\/uploads\/2022\/06\/liivarand-570x380@2x.jpeg 1140w\" sizes=\"auto, (max-width: 570px) 100vw, 570px\" \/><\/a><\/li><\/ul><\/div><\/div><\/div><\/div><\/div>\n\n<div id=\"acf-block_efcfd7a03c8bcdfda82cc91dcb1a310f\" class=\"acf-block-element element-txtmedia\"><div class=\"row row-grid align-items-center\"><div class=\"col-12 col-md-6 col-content\"><div class=\"col-inner\">\n\n<h2 class=\"wp-block-heading wp-el\"><strong>Vesiputous<\/strong><\/h2>\n\n\n\n<p class=\"wp-el\">Komea Kivisillan vesiputous laskee aluskasvillisuuden sekaan noin 20 metrin korkeudelta maanpinnasta. Rautapitoinen vesi on v\u00e4rj\u00e4nnyt uoman tummanruskeaksi, ja jatkuva pisarapilvi on kasvattanut puiden rungoille pehme\u00e4n ja kostean sammalpeitteen.<\/p>\n\n\n\n<p class=\"wp-el\">Vesiputous n\u00e4kyy sek\u00e4 alhaalta ett\u00e4 ylh\u00e4\u00e4lt\u00e4. Hotellilta johtaa valaistu polku n\u00e4k\u00f6alatasanteelle ja purolle.<\/p>\n\n<\/div><\/div><div class=\"col-12 col-md-6 col-media\"><div class=\"splide\" data-splide={\"type\":\"fade\",\"arrows\":false}><div class=\"splide__track\"><ul class=\"splide__list\"><li class=\"splide__slide\"><a href=\"https:\/\/www.saka.ee\/wp-content\/uploads\/2022\/06\/saka-kivisilla-juga-karel-kravik.jpg\" data-fancybox=\"txtmedia-acf-block_efcfd7a03c8bcdfda82cc91dcb1a310f\"><img loading=\"lazy\" decoding=\"async\" width=\"570\" height=\"380\" src=\"https:\/\/www.saka.ee\/wp-content\/uploads\/2022\/06\/saka-kivisilla-juga-karel-kravik-570x380.jpg\" class=\"attachment-img-570x380 size-img-570x380\" alt=\"\" srcset=\"https:\/\/www.saka.ee\/wp-content\/uploads\/2022\/06\/saka-kivisilla-juga-karel-kravik-570x380.jpg 570w, https:\/\/www.saka.ee\/wp-content\/uploads\/2022\/06\/saka-kivisilla-juga-karel-kravik-960x640.jpg 960w, https:\/\/www.saka.ee\/wp-content\/uploads\/2022\/06\/saka-kivisilla-juga-karel-kravik.jpg 1600w, https:\/\/www.saka.ee\/wp-content\/uploads\/2022\/06\/saka-kivisilla-juga-karel-kravik-570x380@2x.jpg 1140w\" sizes=\"auto, (max-width: 570px) 100vw, 570px\" \/><\/a><\/li><\/ul><\/div><\/div><\/div><\/div><\/div>\n\n<div id=\"acf-block_15da1beaaae7acf36c2da5b5b51a75b2\" class=\"acf-block-element element-txtmedia\"><div class=\"row row-grid align-items-center\"><div class=\"col-12 col-md-6 col-content order-md-1\"><div class=\"col-inner\">\n\n<h2 class=\"wp-block-heading wp-el\"><strong>Meretorn<\/strong><\/h2>\n\n\n\n<p class=\"wp-el\">Yksin\u00e4inen torni tuijottaa merta t\u00f6rm\u00e4ll\u00e4 vain muutamien kymmenien metrien p\u00e4\u00e4ss\u00e4 hotellirakennuksesta. Neuvostovallan aikaan torni toimi rajavartioasemana, josta valvottiin liikkumista rannalla ja merell\u00e4.<\/p>\n\n\n\n<p class=\"wp-el\">Nyky\u00e4\u00e4n torni on suosittu seminaarien ja kokousten pitopaikka. Sen kaikista kolmesta kerroksesta n\u00e4kee merelle. Kierreportaita p\u00e4\u00e4see tornin huipulle, jonne kaikki k\u00e4vij\u00e4t voivat kavuta nauttimaan upeista n\u00e4kymist\u00e4 Suomenlahden saarille, samoin auringonnoususta ja -laskusta.<\/p>\n\n\n\n<p class=\"wp-el\">N\u00e4k\u00f6tornin ja hotellirakennuksen v\u00e4lisell\u00e4 aukiolla on karavaanialue, jossa on tilaa 15 matkailuautolle. Leirint\u00e4alueen vieress\u00e4 on nuotiopaikka ja vaellusreitin l\u00e4ht\u00f6piste.<\/p>\n\n<\/div><\/div><div class=\"col-12 col-md-6 col-media\"><div class=\"splide\" data-splide={\"type\":\"fade\",\"arrows\":false}><div class=\"splide__track\"><ul class=\"splide__list\"><li class=\"splide__slide\"><a href=\"https:\/\/www.saka.ee\/wp-content\/uploads\/2022\/05\/Meretorn-min-scaled.jpg\" data-fancybox=\"txtmedia-acf-block_15da1beaaae7acf36c2da5b5b51a75b2\"><img loading=\"lazy\" decoding=\"async\" width=\"570\" height=\"380\" src=\"https:\/\/www.saka.ee\/wp-content\/uploads\/2022\/05\/Meretorn-min-570x380.jpg\" class=\"attachment-img-570x380 size-img-570x380\" alt=\"\" srcset=\"https:\/\/www.saka.ee\/wp-content\/uploads\/2022\/05\/Meretorn-min-570x380.jpg 570w, https:\/\/www.saka.ee\/wp-content\/uploads\/2022\/05\/Meretorn-min-960x640.jpg 960w, https:\/\/www.saka.ee\/wp-content\/uploads\/2022\/05\/Meretorn-min-570x380@2x.jpg 1140w\" sizes=\"auto, (max-width: 570px) 100vw, 570px\" \/><\/a><\/li><li class=\"splide__slide\"><a href=\"https:\/\/www.saka.ee\/wp-content\/uploads\/2022\/06\/saka-mois-meretorn-012A5693.jpeg\" data-fancybox=\"txtmedia-acf-block_15da1beaaae7acf36c2da5b5b51a75b2\"><img loading=\"lazy\" decoding=\"async\" width=\"570\" height=\"380\" src=\"https:\/\/www.saka.ee\/wp-content\/uploads\/2022\/06\/saka-mois-meretorn-012A5693-570x380.jpeg\" class=\"attachment-img-570x380 size-img-570x380\" alt=\"\" srcset=\"https:\/\/www.saka.ee\/wp-content\/uploads\/2022\/06\/saka-mois-meretorn-012A5693-570x380.jpeg 570w, https:\/\/www.saka.ee\/wp-content\/uploads\/2022\/06\/saka-mois-meretorn-012A5693-960x640.jpeg 960w, https:\/\/www.saka.ee\/wp-content\/uploads\/2022\/06\/saka-mois-meretorn-012A5693.jpeg 1920w, https:\/\/www.saka.ee\/wp-content\/uploads\/2022\/06\/saka-mois-meretorn-012A5693-570x380@2x.jpeg 1140w\" sizes=\"auto, (max-width: 570px) 100vw, 570px\" \/><\/a><\/li><\/ul><\/div><\/div><\/div><\/div><\/div>\n\n<div id=\"acf-block_0280ecf021bb62b751db642bde09f036\" class=\"acf-block-element element-txtmedia\"><div class=\"row row-grid align-items-center\"><div class=\"col-12 col-md-6 col-content\"><div class=\"col-inner\">\n\n<h2 class=\"wp-block-heading wp-el\"><strong>Kartanon p\u00e4\u00e4rakennus<\/strong><\/h2>\n\n\n\n<p class=\"wp-el\">Sakan kartano (Sackhof) perustettiin 1600-luvun puoliv\u00e4liss\u00e4. Paikka on mainittu ensimm\u00e4isen kerran asiakirjoissa vuonna 1629. Sakan kartanon nykyp\u00e4iv\u00e4\u00e4n s\u00e4ilynyt uusrenessanssia edustava p\u00e4\u00e4rakennus on rakennettu vuosina 1862-64.<\/p>\n\n\n\n<p class=\"wp-el\">Kartano on suhteellisen hyv\u00e4ss\u00e4 kunnossa siell\u00e4 neuvostokaudella sijainneen rajavartioaseman ansiosta. Sotilaallisen ilmapiirin voi aistia viel\u00e4kin ja eri huoneiden k\u00e4ytt\u00f6tarkoituksen tunnistaa pienell\u00e4 vaivalla. Sakan kyl\u00e4ss\u00e4 puhutaan, ett\u00e4 saksalaisten kartanonherrojen aikaan kartanossa kummitteli. mutta ihan v\u00e4h\u00e4n vain.<\/p>\n\n<\/div><\/div><div class=\"col-12 col-md-6 col-media\"><div class=\"splide\" data-splide={\"type\":\"fade\",\"arrows\":false}><div class=\"splide__track\"><ul class=\"splide__list\"><li class=\"splide__slide\"><a href=\"https:\/\/www.saka.ee\/wp-content\/uploads\/2022\/05\/moisa-taassund.jpg\" data-fancybox=\"txtmedia-acf-block_0280ecf021bb62b751db642bde09f036\"><img loading=\"lazy\" decoding=\"async\" width=\"570\" height=\"380\" src=\"https:\/\/www.saka.ee\/wp-content\/uploads\/2022\/05\/moisa-taassund-570x380.jpg\" class=\"attachment-img-570x380 size-img-570x380\" alt=\"\" srcset=\"https:\/\/www.saka.ee\/wp-content\/uploads\/2022\/05\/moisa-taassund-570x380.jpg 570w, https:\/\/www.saka.ee\/wp-content\/uploads\/2022\/05\/moisa-taassund-960x640.jpg 960w, https:\/\/www.saka.ee\/wp-content\/uploads\/2022\/05\/moisa-taassund.jpg 1024w\" sizes=\"auto, (max-width: 570px) 100vw, 570px\" \/><\/a><\/li><\/ul><\/div><\/div><\/div><\/div><\/div>\n\n<div id=\"acf-block_43dbe349ec1beded96079ea57ce984b9\" class=\"acf-block-element element-txtmedia\"><div class=\"row row-grid align-items-center\"><div class=\"col-12 col-md-6 col-content order-md-1\"><div class=\"col-inner\">\n\n<h2 class=\"wp-block-heading wp-el\"><strong>Puisto<\/strong><\/h2>\n\n\n\n<p class=\"wp-el\">Kartanoa ymp\u00e4r\u00f6i 1800-luvun alussa perustettu runsaslajinen puisto. Nykyisin suuri osa puistosta on saatu kunnostettua. Puistoon on luotu puitteet k\u00e4velyretkiin ja piknikeille.<\/p>\n\n\n\n<p class=\"wp-el\">Lis\u00e4ksi puistossa on laululava, lasten leikkikentt\u00e4 ja tenniskent\u00e4t valmistuvat l\u00e4hiaikoina. Jousiammuntaakin puistossa voi harrastaa.<\/p>\n\n<\/div><\/div><div class=\"col-12 col-md-6 col-media\"><div class=\"splide\" data-splide={\"type\":\"fade\",\"arrows\":false}><div class=\"splide__track\"><ul class=\"splide__list\"><li class=\"splide__slide\"><a href=\"https:\/\/www.saka.ee\/wp-content\/uploads\/2022\/06\/saka-mois-oueala-30.jpeg\" data-fancybox=\"txtmedia-acf-block_43dbe349ec1beded96079ea57ce984b9\"><img loading=\"lazy\" decoding=\"async\" width=\"570\" height=\"380\" src=\"https:\/\/www.saka.ee\/wp-content\/uploads\/2022\/06\/saka-mois-oueala-30-570x380.jpeg\" class=\"attachment-img-570x380 size-img-570x380\" alt=\"\" srcset=\"https:\/\/www.saka.ee\/wp-content\/uploads\/2022\/06\/saka-mois-oueala-30-570x380.jpeg 570w, https:\/\/www.saka.ee\/wp-content\/uploads\/2022\/06\/saka-mois-oueala-30-960x640.jpeg 960w, https:\/\/www.saka.ee\/wp-content\/uploads\/2022\/06\/saka-mois-oueala-30.jpeg 1920w, https:\/\/www.saka.ee\/wp-content\/uploads\/2022\/06\/saka-mois-oueala-30-570x380@2x.jpeg 1140w\" sizes=\"auto, (max-width: 570px) 100vw, 570px\" \/><\/a><\/li><li class=\"splide__slide\"><a href=\"https:\/\/www.saka.ee\/wp-content\/uploads\/2022\/06\/saka-mois-suvemajutus-03.jpeg\" data-fancybox=\"txtmedia-acf-block_43dbe349ec1beded96079ea57ce984b9\"><img loading=\"lazy\" decoding=\"async\" width=\"570\" height=\"380\" src=\"https:\/\/www.saka.ee\/wp-content\/uploads\/2022\/06\/saka-mois-suvemajutus-03-570x380.jpeg\" class=\"attachment-img-570x380 size-img-570x380\" alt=\"\" srcset=\"https:\/\/www.saka.ee\/wp-content\/uploads\/2022\/06\/saka-mois-suvemajutus-03-570x380.jpeg 570w, https:\/\/www.saka.ee\/wp-content\/uploads\/2022\/06\/saka-mois-suvemajutus-03-960x640.jpeg 960w, https:\/\/www.saka.ee\/wp-content\/uploads\/2022\/06\/saka-mois-suvemajutus-03.jpeg 1920w, https:\/\/www.saka.ee\/wp-content\/uploads\/2022\/06\/saka-mois-suvemajutus-03-570x380@2x.jpeg 1140w\" sizes=\"auto, (max-width: 570px) 100vw, 570px\" \/><\/a><\/li><\/ul><\/div><\/div><\/div><\/div><\/div>\n\n<div id=\"acf-block_e30bfa950892bf26f4d806f4e5ac5db4\" class=\"acf-block-element element-txtmedia\"><div class=\"row row-grid align-items-center\"><div class=\"col-12 col-md-6 col-content\"><div class=\"col-inner\">\n\n<h2 class=\"wp-block-heading wp-el\"><strong>Vaellus luontopolulla<\/strong><\/h2>\n\n\n\n<p class=\"wp-el\">Luonnosta kiinnostuneet saavat hotellilta kartan (ennakkotilauksesta my\u00f6s piknikkorin), jonka avulla voi ilman opasta kiert\u00e4\u00e4 2 km mittaisen Klindim\u00f5isan luontopolun. Polku vie t\u00f6rm\u00e4lt\u00e4 alas rannalle, johtaa Kivisillan vesiputoukselle ja n\u00e4ytt\u00e4\u00e4 tien putoukselta yl\u00f6s. Koko reitti on varustettu opasteilla, ja se tarjoaa kohtalaista fyysist\u00e4 rasitusta sek\u00e4 tietoa alueen luonnosta ja historiasta.<\/p>\n\n<\/div><\/div><div class=\"col-12 col-md-6 col-media\"><div class=\"splide\" data-splide={\"type\":\"fade\",\"arrows\":false}><div class=\"splide__track\"><ul class=\"splide__list\"><li class=\"splide__slide\"><a href=\"https:\/\/www.saka.ee\/wp-content\/uploads\/2022\/06\/saka-mois-suvemajutus-01.jpeg\" data-fancybox=\"txtmedia-acf-block_e30bfa950892bf26f4d806f4e5ac5db4\"><img loading=\"lazy\" decoding=\"async\" width=\"570\" height=\"380\" src=\"https:\/\/www.saka.ee\/wp-content\/uploads\/2022\/06\/saka-mois-suvemajutus-01-570x380.jpeg\" class=\"attachment-img-570x380 size-img-570x380\" alt=\"\" srcset=\"https:\/\/www.saka.ee\/wp-content\/uploads\/2022\/06\/saka-mois-suvemajutus-01-570x380.jpeg 570w, https:\/\/www.saka.ee\/wp-content\/uploads\/2022\/06\/saka-mois-suvemajutus-01-960x640.jpeg 960w, https:\/\/www.saka.ee\/wp-content\/uploads\/2022\/06\/saka-mois-suvemajutus-01.jpeg 1920w, https:\/\/www.saka.ee\/wp-content\/uploads\/2022\/06\/saka-mois-suvemajutus-01-570x380@2x.jpeg 1140w\" sizes=\"auto, (max-width: 570px) 100vw, 570px\" \/><\/a><\/li><\/ul><\/div><\/div><\/div><\/div><\/div>\n\n<div id=\"acf-block_7dfbe687fd36e8fb215adbcdc9973ee1\" class=\"acf-block-element element-txtmedia\"><div class=\"row row-grid align-items-center\"><div class=\"col-12 col-md-6 col-content order-md-1\"><div class=\"col-inner\">\n\n<h2 class=\"wp-block-heading wp-el\"><strong>Sakan kartanon kivin\u00e4yttely<\/strong><\/h2>\n\n\n\n<p class=\"wp-el\">Klindim\u00f5isan luontopolun lis\u00e4ksi puistoon on rakennettu Ajan tieksi kutsuttu kivin\u00e4yttely.<\/p>\n\n\n\n<p class=\"wp-el\">N\u00e4yttely sijaitsee kartanonpuiston it\u00e4osassa, reliefim\u00e4isen puistotien varrella, ja se koostuu halkaisijaltaan yli metrin kokoisista koristeellisista kivenj\u00e4rk\u00e4leist\u00e4. Kivet on aseteltu reitin varrelle ik\u00e4j\u00e4rjestyksess\u00e4 vanhimmasta nuorimpaan kuvaamaan ajan kulkua.<\/p>\n\n\n\n<p class=\"wp-el\">Ajan tie -n\u00e4yttely alkaa 1 900 miljoonaa vuotta vanhoista paleoproterotsooisista kivist\u00e4 p\u00e4\u00e4ttyen keski-ordovikiseen kalkkikiveen, joka on noin 475 miljoonaa vuotta vanha. Kivet on asetettu kuudelle graniittimurskeella p\u00e4\u00e4llystetylle aukiolle tien molemmin puolin. Alue on valaistu ja jokaisessa kohteessa on esittelykyltti.<\/p>\n\n<\/div><\/div><div class=\"col-12 col-md-6 col-media\"><div class=\"splide\" data-splide={\"type\":\"fade\",\"arrows\":false}><div class=\"splide__track\"><ul class=\"splide__list\"><li class=\"splide__slide\"><a href=\"https:\/\/www.saka.ee\/wp-content\/uploads\/2022\/05\/saka-mois-kivi-ekspositsioon.jpg\" data-fancybox=\"txtmedia-acf-block_7dfbe687fd36e8fb215adbcdc9973ee1\"><img loading=\"lazy\" decoding=\"async\" width=\"570\" height=\"380\" src=\"https:\/\/www.saka.ee\/wp-content\/uploads\/2022\/05\/saka-mois-kivi-ekspositsioon-570x380.jpg\" class=\"attachment-img-570x380 size-img-570x380\" alt=\"\" srcset=\"https:\/\/www.saka.ee\/wp-content\/uploads\/2022\/05\/saka-mois-kivi-ekspositsioon-570x380.jpg 570w, https:\/\/www.saka.ee\/wp-content\/uploads\/2022\/05\/saka-mois-kivi-ekspositsioon-960x640.jpg 960w\" sizes=\"auto, (max-width: 570px) 100vw, 570px\" \/><\/a><\/li><\/ul><\/div><\/div><\/div><\/div><\/div>\n\n<div id=\"acf-block_b8d1b385475379618cdc270ad4d222f9\" class=\"acf-block-element element-txtmedia\"><div class=\"row row-grid align-items-center\"><div class=\"col-12 col-md-6 col-content\"><div class=\"col-inner\">\n\n<h2 class=\"wp-block-heading wp-el\"><strong>Mathias Rustin legendaarisen lennon muistomerkki<\/strong><\/h2>\n\n\n\n<p class=\"wp-el\">Mathias Rust, 18-vuotias saksalainen harrastelent\u00e4j\u00e4 laskeutui Cessna Skyhawk 172 -pienkoneellaan Moskovaan Punaiselle torille 28. toukokuuta 1987.<\/p>\n\n\n\n<p class=\"wp-el\">Rust aloitti legendaarisen lentonsa Helsingist\u00e4 Malmin lentokent\u00e4lt\u00e4, saapuen Suomenlahden yli lent\u00e4ess\u00e4\u00e4n Neuvostoliiton ilmatilaan juuri Sakan kyl\u00e4n yl\u00e4puolella. H\u00e4n onnistui v\u00e4ltt\u00e4m\u00e4\u00e4n kaikki ilmapuolustusj\u00e4rjestelm\u00e4t ja laskeutui kuusi tuntia my\u00f6hemmin Punaiselle torille aivan Kremlin muurien eteen.<\/p>\n\n\n\n<p class=\"wp-el\">Muistomerkki on pystytetty lennon 35-vuotisp\u00e4iv\u00e4n kunniaksi.<\/p>\n\n<\/div><\/div><div class=\"col-12 col-md-6 col-media\"><div class=\"splide\" data-splide={\"type\":\"fade\",\"arrows\":false}><div class=\"splide__track\"><ul class=\"splide__list\"><li class=\"splide__slide\"><a href=\"https:\/\/www.saka.ee\/wp-content\/uploads\/2022\/11\/281449506_432878535508279_1730218442349005930_n.jpg\" data-fancybox=\"txtmedia-acf-block_b8d1b385475379618cdc270ad4d222f9\"><img loading=\"lazy\" decoding=\"async\" width=\"570\" height=\"380\" src=\"https:\/\/www.saka.ee\/wp-content\/uploads\/2022\/11\/281449506_432878535508279_1730218442349005930_n-570x380.jpg\" class=\"attachment-img-570x380 size-img-570x380\" alt=\"\" srcset=\"https:\/\/www.saka.ee\/wp-content\/uploads\/2022\/11\/281449506_432878535508279_1730218442349005930_n-570x380.jpg 570w, https:\/\/www.saka.ee\/wp-content\/uploads\/2022\/11\/281449506_432878535508279_1730218442349005930_n-960x640.jpg 960w, https:\/\/www.saka.ee\/wp-content\/uploads\/2022\/11\/281449506_432878535508279_1730218442349005930_n.jpg 2048w, https:\/\/www.saka.ee\/wp-content\/uploads\/2022\/11\/281449506_432878535508279_1730218442349005930_n-570x380@2x.jpg 1140w\" sizes=\"auto, (max-width: 570px) 100vw, 570px\" \/><\/a><\/li><\/ul><\/div><\/div><\/div><\/div><\/div>\n\n<div id=\"acf-block_4fd3df9bd2820bd5696d62f0b6a011a7\" class=\"acf-block-element element-txtmedia\"><div class=\"row row-grid align-items-center\"><div class=\"col-12 col-md-6 col-content order-md-1\"><div class=\"col-inner\">\n\n<h2 class=\"wp-block-heading wp-el\"><strong>Polvesta polveen -pronssiveistos<\/strong><\/h2>\n\n\n\n<p class=\"wp-el\"><strong>Polvesta polveen -pronssiveistos<\/strong><\/p>\n\n\n\n<p class=\"wp-el\">Kartanon ensimaininnan 400-vuotisp\u00e4iv\u00e4\u00e4 juhlistettiin pronssisella Polvesta polveen -veistoksella, jonka on valmistanut Aivar Simson alias Simson von Seakyl, J\u00f5hvista kotoisin oleva tunnettu taiteilija. Muistomerkin vaakunat symboloivat kartanon jatkuvuutta.<\/p>\n\n<\/div><\/div><div class=\"col-12 col-md-6 col-media\"><div class=\"splide\" data-splide={\"type\":\"fade\",\"arrows\":false}><div class=\"splide__track\"><ul class=\"splide__list\"><li class=\"splide__slide\"><a href=\"https:\/\/www.saka.ee\/wp-content\/uploads\/2022\/11\/Saka-mois_f-Peeter-Lillevali.jpg\" data-fancybox=\"txtmedia-acf-block_4fd3df9bd2820bd5696d62f0b6a011a7\"><img loading=\"lazy\" decoding=\"async\" width=\"570\" height=\"380\" src=\"https:\/\/www.saka.ee\/wp-content\/uploads\/2022\/11\/Saka-mois_f-Peeter-Lillevali-570x380.jpg\" class=\"attachment-img-570x380 size-img-570x380\" alt=\"\" srcset=\"https:\/\/www.saka.ee\/wp-content\/uploads\/2022\/11\/Saka-mois_f-Peeter-Lillevali-570x380.jpg 570w, https:\/\/www.saka.ee\/wp-content\/uploads\/2022\/11\/Saka-mois_f-Peeter-Lillevali-960x640.jpg 960w, https:\/\/www.saka.ee\/wp-content\/uploads\/2022\/11\/Saka-mois_f-Peeter-Lillevali-570x380@2x.jpg 1140w\" sizes=\"auto, (max-width: 570px) 100vw, 570px\" \/><\/a><\/li><\/ul><\/div><\/div><\/div><\/div><\/div>\n\n<div id=\"acf-block_008734a746ade607114e400d82925cdc\" class=\"acf-block-element element-txtmedia\"><div class=\"row row-grid align-items-center\"><div class=\"col-12 col-md-6 col-content\"><div class=\"col-inner\">\n\n<h2 class=\"wp-block-heading wp-el\"><strong>Umsiedlung-muistomerkki<\/strong><\/h2>\n\n\n\n<p class=\"wp-el\">Vuonna 2018 Sakan kartanossa paljastettiin baltiansaksalaisten pakkosiirron muistoksi ja Viron tasavallan 100-vuosip\u00e4iv\u00e4\u00e4 kunniaksi Umsiedlung-muistomerkki.<\/p>\n\n\n\n<p class=\"wp-el\">Molotov-Rippendrop-sopimuksen yhten\u00e4 seurauksena yli 20 000 baltiansaksalaista joutui l\u00e4htem\u00e4\u00e4n&nbsp; Virosta ja Latviasta Saksaan vuosina 1939-1941.<\/p>\n\n\n\n<p class=\"wp-el\">Sakan kartanon omistajapariskunnan T\u00f5nis ja Eha Kaasikin mukaan tavoitteena oli, ett\u00e4 muistomerkki teht\u00e4isiin ihmisi\u00e4 eik\u00e4 tuon ajan kansainv\u00e4lisi\u00e4 sopimuksia ajatellen.<\/p>\n\n<\/div><\/div><div class=\"col-12 col-md-6 col-media\"><div class=\"splide\" data-splide={\"type\":\"fade\",\"arrows\":false}><div class=\"splide__track\"><ul class=\"splide__list\"><li class=\"splide__slide\"><a href=\"https:\/\/www.saka.ee\/wp-content\/uploads\/2022\/11\/557110h7929t28.jpg\" data-fancybox=\"txtmedia-acf-block_008734a746ade607114e400d82925cdc\"><img loading=\"lazy\" decoding=\"async\" width=\"570\" height=\"380\" src=\"https:\/\/www.saka.ee\/wp-content\/uploads\/2022\/11\/557110h7929t28-570x380.jpg\" class=\"attachment-img-570x380 size-img-570x380\" alt=\"\" \/><\/a><\/li><\/ul><\/div><\/div><\/div><\/div><\/div>\n\n<div id=\"acf-block_e5f7aeaab54358e6c29be6461bfc7a5a\" class=\"acf-block-element element-txtmedia\"><div class=\"row row-grid align-items-center\"><div class=\"col-12 col-md-6 col-content order-md-1\"><div class=\"col-inner\">\n\n<h2 class=\"wp-block-heading wp-el\"><strong>Kalevin tulo -veistos<\/strong><\/h2>\n\n\n\n<p class=\"wp-el\">Idea kotkasta kypsyi Sakan kartanon is\u00e4nn\u00e4n T\u00f5nis Kaasikin mieless\u00e4 useiden vuosien ajan. H\u00e4n siihen sai inspiraatiota jo aiemmin lukiessaan Kalevipoeg-eeposta.<\/p>\n\n\n\n<p class=\"wp-el\">Yksi kotkaveistos oli valmistunut Lahemaan kansallispuiston tilaama jo 50 vuotta sitten, mutta siell\u00e4 ei ollut veistokseen historiallista ja paikallista yhteytt\u00e4. Sen sijaan Sakan kartanolla t\u00e4llainen sidos on!&nbsp; Ja eih\u00e4n kotkalle voisi olla parempaa paikkaa kuin korkealla kalliolla Virumaan rannalla, jonne pohjankotka eepoksen mukaan nakkasi Kalevipojan.<\/p>\n\n\n\n<p class=\"wp-el\"><\/p>\n\n<\/div><\/div><div class=\"col-12 col-md-6 col-media\"><div class=\"splide\" data-splide={\"type\":\"fade\",\"arrows\":false}><div class=\"splide__track\"><ul class=\"splide__list\"><li class=\"splide__slide\"><a href=\"https:\/\/www.saka.ee\/wp-content\/uploads\/2022\/11\/312274036_10211168538125175_539186045732282485_n.jpg\" data-fancybox=\"txtmedia-acf-block_e5f7aeaab54358e6c29be6461bfc7a5a\"><img loading=\"lazy\" decoding=\"async\" width=\"570\" height=\"380\" src=\"https:\/\/www.saka.ee\/wp-content\/uploads\/2022\/11\/312274036_10211168538125175_539186045732282485_n-570x380.jpg\" class=\"attachment-img-570x380 size-img-570x380\" alt=\"\" srcset=\"https:\/\/www.saka.ee\/wp-content\/uploads\/2022\/11\/312274036_10211168538125175_539186045732282485_n-570x380.jpg 570w, https:\/\/www.saka.ee\/wp-content\/uploads\/2022\/11\/312274036_10211168538125175_539186045732282485_n-960x640.jpg 960w, https:\/\/www.saka.ee\/wp-content\/uploads\/2022\/11\/312274036_10211168538125175_539186045732282485_n-570x380@2x.jpg 1140w\" sizes=\"auto, (max-width: 570px) 100vw, 570px\" \/><\/a><\/li><\/ul><\/div><\/div><\/div><\/div><\/div>\n\n\n<p class=\"has-text-align-center wp-el\">Sakan kartanon v\u00e4litt\u00f6m\u00e4ss\u00e4 l\u00e4heisyydess\u00e4 on monia tutkimisen arvoisia paikkoja. Jos suunnittelet kiertoajelua Ida-Virumaalla tai haluat tutustua l\u00e4hialueen n\u00e4ht\u00e4vyyksiin, suosittelemme alla olevia kohteita:<\/p>\n\n\n<div id=\"acf-block_d011c637318519cae8b5dafdec022711\" class=\"acf-block-element element-cards-slider\"><div class=\"splide\" data-splide={\"type\":\"slide\",\"gap\":\"3.75rem\",\"clones\":0,\"autoWidth\":true,\"pagination\":false}><div class=\"splide__arrows is-relative d-flex flex-wrap align-items-center justify-content-end\"><h2>Muita n\u00e4ht\u00e4vyyksi\u00e4<\/h2><div class=\"d-flex flex-wrap\"><button class=\"splide__arrow splide__arrow--prev\"><svg xmlns=\"http:\/\/www.w3.org\/2000\/svg\" width=\"24\" height=\"18\" viewBox=\"0 0 24 18\"><path d=\"M-2453.12-3419.378a1.205,1.205,0,0,0,0-1.818l-6.06-5.519h17.768A1.354,1.354,0,0,0-2440-3428a1.354,1.354,0,0,0-1.412-1.285h-17.767l6.059-5.518a1.205,1.205,0,0,0,0-1.818,1.51,1.51,0,0,0-2,0l-8.47,7.713a1.206,1.206,0,0,0,0,1.819l8.47,7.713a1.483,1.483,0,0,0,1,.378A1.482,1.482,0,0,0-2453.12-3419.378Z\" transform=\"translate(2464.001 3437)\" fill=\"#015841\"\/><\/svg><\/button><button class=\"splide__arrow splide__arrow--next\"><svg xmlns=\"http:\/\/www.w3.org\/2000\/svg\" width=\"24\" height=\"18\" viewBox=\"0 0 24 18\"><path d=\"M-2450.881-3419.378a1.205,1.205,0,0,1,0-1.818l6.06-5.519h-17.768A1.354,1.354,0,0,1-2464-3428a1.354,1.354,0,0,1,1.412-1.285h17.767l-6.059-5.518a1.205,1.205,0,0,1,0-1.818,1.51,1.51,0,0,1,2,0l8.47,7.713a1.206,1.206,0,0,1,0,1.819l-8.47,7.713a1.483,1.483,0,0,1-1,.378A1.482,1.482,0,0,1-2450.881-3419.378Z\" transform=\"translate(2464.001 3437)\" fill=\"#015841\"\/><\/svg><\/button><\/div><\/div><div class=\"splide__track\"><ul class=\"splide__list\"><li class=\"splide__slide\"><a href=\"https:\/\/et.wikipedia.org\/wiki\/Ontika_maastikukaitseala\" target=\"_blank\" class=\"slide-card\" rel=\"nofollow noopener\"><div class=\"slide-card__thumb aspect-item\"><img loading=\"lazy\" decoding=\"async\" width=\"370\" height=\"240\" src=\"https:\/\/www.saka.ee\/wp-content\/uploads\/fly-images\/11990\/Trepid-Valaste-joa-juures-Ontika-370x240-c.jpg\" class=\"attachment-370x240\" alt=\"Trepid-Valaste-joa-juures-Ontika\" \/><\/div><div class=\"slide-card__content\"><p class=\"has-theme-primary-color\">Ontikan maisemasuojelualue<\/p><p>Ontika on Toilan kunnassa Ida-Virumaalla sijaitseva maisemansuojelualue, jonka pinta-ala on 1212 hehtaaria.<\/p><\/div><div class=\"slide-card__link\"><span\" class=\"d-inline-flex font-weight-bold align-items-center\" target=\"_blank\"><span class=\"d-block\">Lue lis\u00e4\u00e4<\/span><svg xmlns=\"http:\/\/www.w3.org\/2000\/svg\" width=\"16\" height=\"12\" viewBox=\"0 0 16 12\"><path d=\"M-2455.254-3425.253a.8.8,0,0,1,0-1.211l4.04-3.68h-11.845A.9.9,0,0,1-2464-3431a.9.9,0,0,1,.941-.857h11.845l-4.04-3.679a.8.8,0,0,1,0-1.212,1.007,1.007,0,0,1,1.331,0l5.646,5.142a.8.8,0,0,1,0,1.213l-5.646,5.142a.989.989,0,0,1-.666.252A.987.987,0,0,1-2455.254-3425.253Z\" transform=\"translate(2464 3437)\" fill=\"currentColor\"\/><\/svg><\/span><\/div><\/a><\/li><li class=\"splide__slide\"><a href=\"https:\/\/narvamuuseum.ee\/est\/muuseum\/narva-linnus\/\" target=\"_blank\" class=\"slide-card\" rel=\"nofollow noopener\"><div class=\"slide-card__thumb aspect-item\"><img loading=\"lazy\" decoding=\"async\" width=\"370\" height=\"240\" src=\"https:\/\/www.saka.ee\/wp-content\/uploads\/fly-images\/11991\/narvalinnus-370x240-c.jpg\" class=\"attachment-370x240\" alt=\"narvalinnus\" \/><\/div><div class=\"slide-card__content\"><p class=\"has-theme-primary-color\">Narvan linna<\/p><p>Yli 700 vuotta vanha Narvan eli Hermannin linna on ollut koko historiansa ajan joko tanskalaisten, saksalaisten, ruotsalaisten, ven\u00e4l\u00e4isten ja nyt lopulta virolaisten hallussa. Linnoituksen t\u00e4h\u00e4n p\u00e4iv\u00e4\u00e4n asti s\u00e4ilynyt ulkomuoto on per\u00e4isin Liivinmaan ritarikunnan ajoilta 1300-1500-luvuilla.<\/p><\/div><div class=\"slide-card__link\"><span\" class=\"d-inline-flex font-weight-bold align-items-center\" target=\"_blank\"><span class=\"d-block\">Lue lis\u00e4\u00e4<\/span><svg xmlns=\"http:\/\/www.w3.org\/2000\/svg\" width=\"16\" height=\"12\" viewBox=\"0 0 16 12\"><path d=\"M-2455.254-3425.253a.8.8,0,0,1,0-1.211l4.04-3.68h-11.845A.9.9,0,0,1-2464-3431a.9.9,0,0,1,.941-.857h11.845l-4.04-3.679a.8.8,0,0,1,0-1.212,1.007,1.007,0,0,1,1.331,0l5.646,5.142a.8.8,0,0,1,0,1.213l-5.646,5.142a.989.989,0,0,1-.666.252A.987.987,0,0,1-2455.254-3425.253Z\" transform=\"translate(2464 3437)\" fill=\"currentColor\"\/><\/svg><\/span><\/div><\/a><\/li><li class=\"splide__slide\"><a href=\"https:\/\/kaevandusmuuseum.ee\/\" target=\"_blank\" class=\"slide-card\" rel=\"nofollow noopener\"><div class=\"slide-card__thumb aspect-item\"><img loading=\"lazy\" decoding=\"async\" width=\"370\" height=\"240\" src=\"https:\/\/www.saka.ee\/wp-content\/uploads\/fly-images\/11992\/kaevandusmuuseum-rikastusvabrik-370x240-c.jpg\" class=\"attachment-370x240\" alt=\"kaevandusmuuseum-rikastusvabrik\" \/><\/div><div class=\"slide-card__content\"><p class=\"has-theme-primary-color\">Viron kaivosmuseo<\/p><p>Haluatko maistaa oikeaa kaivosty\u00f6l\u00e4isen el\u00e4m\u00e4\u00e4, tutustua kaivostoiminnan kiehtovaan historiaan tai tehd\u00e4 ikimuistoisia off-road-retki\u00e4 hyl\u00e4tyille louhoksille ja niiden jyrk\u00e4nteille ja n\u00e4hd\u00e4 pohjavesikoskien uurroksiin?<\/p><\/div><div class=\"slide-card__link\"><span\" class=\"d-inline-flex font-weight-bold align-items-center\" target=\"_blank\"><span class=\"d-block\">Lue lis\u00e4\u00e4<\/span><svg xmlns=\"http:\/\/www.w3.org\/2000\/svg\" width=\"16\" height=\"12\" viewBox=\"0 0 16 12\"><path d=\"M-2455.254-3425.253a.8.8,0,0,1,0-1.211l4.04-3.68h-11.845A.9.9,0,0,1-2464-3431a.9.9,0,0,1,.941-.857h11.845l-4.04-3.679a.8.8,0,0,1,0-1.212,1.007,1.007,0,0,1,1.331,0l5.646,5.142a.8.8,0,0,1,0,1.213l-5.646,5.142a.989.989,0,0,1-.666.252A.987.987,0,0,1-2455.254-3425.253Z\" transform=\"translate(2464 3437)\" fill=\"currentColor\"\/><\/svg><\/span><\/div><\/a><\/li><li class=\"splide__slide\"><a href=\"https:\/\/et.wikipedia.org\/wiki\/Kurem%C3%A4e_klooster\" target=\"_blank\" class=\"slide-card\" rel=\"nofollow noopener\"><div class=\"slide-card__thumb aspect-item\"><img loading=\"lazy\" decoding=\"async\" width=\"370\" height=\"240\" src=\"https:\/\/www.saka.ee\/wp-content\/uploads\/fly-images\/11993\/kuremae-nunnaklooster-370x240-c.jpg\" class=\"attachment-370x240\" alt=\"kuremae-nunnaklooster\" \/><\/div><div class=\"slide-card__content\"><p class=\"has-theme-primary-color\">Kurem\u00e4en nunnaluostari<\/p><p>Jumalan\u00e4idin kuolonuneen nukkumiselle pyhitetty Kurem\u00e4en luostari tunnetaan my\u00f6s P\u00fchtitsan nunnaluostarina. Moskovan patriarkan alaisuuteen kuuluva nunnaluostari sijaitsee Kurem\u00e4en kyl\u00e4ss\u00e4 Alutaguksen kunnassa.  <\/p><\/div><div class=\"slide-card__link\"><span\" class=\"d-inline-flex font-weight-bold align-items-center\" target=\"_blank\"><span class=\"d-block\">Lue lis\u00e4\u00e4<\/span><svg xmlns=\"http:\/\/www.w3.org\/2000\/svg\" width=\"16\" height=\"12\" viewBox=\"0 0 16 12\"><path d=\"M-2455.254-3425.253a.8.8,0,0,1,0-1.211l4.04-3.68h-11.845A.9.9,0,0,1-2464-3431a.9.9,0,0,1,.941-.857h11.845l-4.04-3.679a.8.8,0,0,1,0-1.212,1.007,1.007,0,0,1,1.331,0l5.646,5.142a.8.8,0,0,1,0,1.213l-5.646,5.142a.989.989,0,0,1-.666.252A.987.987,0,0,1-2455.254-3425.253Z\" transform=\"translate(2464 3437)\" fill=\"currentColor\"\/><\/svg><\/span><\/div><\/a><\/li><li class=\"splide__slide\"><a href=\"https:\/\/www.aidu.ee\/\" target=\"_blank\" class=\"slide-card\" rel=\"nofollow noopener\"><div class=\"slide-card__thumb aspect-item\"><img loading=\"lazy\" decoding=\"async\" width=\"370\" height=\"240\" src=\"https:\/\/www.saka.ee\/wp-content\/uploads\/fly-images\/11994\/aidu-370x240-c.jpg\" class=\"attachment-370x240\" alt=\"aidu\" \/><\/div><div class=\"slide-card__content\"><p class=\"has-theme-primary-color\">Aidun vesiurheilukeskus<\/p><\/div><div class=\"slide-card__link\"><span\" class=\"d-inline-flex font-weight-bold align-items-center\" target=\"_blank\"><span class=\"d-block\">Lue lis\u00e4\u00e4<\/span><svg xmlns=\"http:\/\/www.w3.org\/2000\/svg\" width=\"16\" height=\"12\" viewBox=\"0 0 16 12\"><path d=\"M-2455.254-3425.253a.8.8,0,0,1,0-1.211l4.04-3.68h-11.845A.9.9,0,0,1-2464-3431a.9.9,0,0,1,.941-.857h11.845l-4.04-3.679a.8.8,0,0,1,0-1.212,1.007,1.007,0,0,1,1.331,0l5.646,5.142a.8.8,0,0,1,0,1.213l-5.646,5.142a.989.989,0,0,1-.666.252A.987.987,0,0,1-2455.254-3425.253Z\" transform=\"translate(2464 3437)\" fill=\"currentColor\"\/><\/svg><\/span><\/div><\/a><\/li><li class=\"splide__slide\"><a href=\"https:\/\/seikluskeskus.ee\/\" target=\"_blank\" class=\"slide-card\" rel=\"nofollow noopener\"><div class=\"slide-card__thumb aspect-item\"><img loading=\"lazy\" decoding=\"async\" width=\"370\" height=\"240\" src=\"https:\/\/www.saka.ee\/wp-content\/uploads\/fly-images\/12260\/kivioli-seikluskeskus-370x240-c.jpg\" class=\"attachment-370x240\" alt=\"Kivi\u00f5li seiklusturismi keskus, rahjatud 90m k\u00f5rgusele tuham\u00e4ele. Tuham\u00e4gi ehk \u0161lakim\u00e4gi ehk r\u00e4bum\u00e4gi on \u00e4rap\u00f5letatud p\u00f5levkivi v\u00f5i s\u00f6e j\u00e4\u00e4tmetest soojuselektrijaamade v\u00f5i katlamajade l\u00e4hedal kuhjatud tehism\u00e4gi.\" \/><\/div><div class=\"slide-card__content\"><p class=\"has-theme-primary-color\">Kivi\u00f5lin seikkailukeskus<\/p><\/div><div class=\"slide-card__link\"><span\" class=\"d-inline-flex font-weight-bold align-items-center\" target=\"_blank\"><span class=\"d-block\">Lue lis\u00e4\u00e4<\/span><svg xmlns=\"http:\/\/www.w3.org\/2000\/svg\" width=\"16\" height=\"12\" viewBox=\"0 0 16 12\"><path d=\"M-2455.254-3425.253a.8.8,0,0,1,0-1.211l4.04-3.68h-11.845A.9.9,0,0,1-2464-3431a.9.9,0,0,1,.941-.857h11.845l-4.04-3.679a.8.8,0,0,1,0-1.212,1.007,1.007,0,0,1,1.331,0l5.646,5.142a.8.8,0,0,1,0,1.213l-5.646,5.142a.989.989,0,0,1-.666.252A.987.987,0,0,1-2455.254-3425.253Z\" transform=\"translate(2464 3437)\" fill=\"currentColor\"\/><\/svg><\/span><\/div><\/a><\/li><li class=\"splide__slide\"><a href=\"https:\/\/blueray.ee\/\" target=\"_blank\" class=\"slide-card\" rel=\"nofollow noopener\"><div class=\"slide-card__thumb aspect-item\"><img loading=\"lazy\" decoding=\"async\" width=\"370\" height=\"240\" src=\"https:\/\/www.saka.ee\/wp-content\/uploads\/fly-images\/12261\/Narva-KL-2.-klass_2-1024x683-1-370x240-c.jpg\" class=\"attachment-370x240\" alt=\"Narva-KL-2.-klass_2-1024x683\" \/><\/div><div class=\"slide-card__content\"><p class=\"has-theme-primary-color\">Blueray.ee<\/p><\/div><div class=\"slide-card__link\"><span\" class=\"d-inline-flex font-weight-bold align-items-center\" target=\"_blank\"><span class=\"d-block\">Lue lis\u00e4\u00e4<\/span><svg xmlns=\"http:\/\/www.w3.org\/2000\/svg\" width=\"16\" height=\"12\" viewBox=\"0 0 16 12\"><path d=\"M-2455.254-3425.253a.8.8,0,0,1,0-1.211l4.04-3.68h-11.845A.9.9,0,0,1-2464-3431a.9.9,0,0,1,.941-.857h11.845l-4.04-3.679a.8.8,0,0,1,0-1.212,1.007,1.007,0,0,1,1.331,0l5.646,5.142a.8.8,0,0,1,0,1.213l-5.646,5.142a.989.989,0,0,1-.666.252A.987.987,0,0,1-2455.254-3425.253Z\" transform=\"translate(2464 3437)\" fill=\"currentColor\"\/><\/svg><\/span><\/div><\/a><\/li><\/ul><\/div><\/div><\/div>","protected":false},"excerpt":{"rendered":"<p>Kun arjen rutiinit alkavat kaatua p\u00e4\u00e4lle, on korkea aika etsi\u00e4 rauhaa. Sakan kartano on t\u00e4ydellinen pakopaikka: koskematon luonto, laineiden liplatus&#8230;<\/p>\n","protected":false},"author":1,"featured_media":0,"parent":0,"menu_order":231,"comment_status":"closed","ping_status":"closed","template":"","meta":{"_acf_changed":false,"inline_featured_image":false,"footnotes":""},"class_list":["post-12687","page","type-page","status-publish","hentry"],"acf":[],"_links":{"self":[{"href":"https:\/\/www.saka.ee\/fi\/wp-json\/wp\/v2\/pages\/12687","targetHints":{"allow":["GET"]}}],"collection":[{"href":"https:\/\/www.saka.ee\/fi\/wp-json\/wp\/v2\/pages"}],"about":[{"href":"https:\/\/www.saka.ee\/fi\/wp-json\/wp\/v2\/types\/page"}],"author":[{"embeddable":true,"href":"https:\/\/www.saka.ee\/fi\/wp-json\/wp\/v2\/users\/1"}],"replies":[{"embeddable":true,"href":"https:\/\/www.saka.ee\/fi\/wp-json\/wp\/v2\/comments?post=12687"}],"version-history":[{"count":5,"href":"https:\/\/www.saka.ee\/fi\/wp-json\/wp\/v2\/pages\/12687\/revisions"}],"predecessor-version":[{"id":18554,"href":"https:\/\/www.saka.ee\/fi\/wp-json\/wp\/v2\/pages\/12687\/revisions\/18554"}],"wp:attachment":[{"href":"https:\/\/www.saka.ee\/fi\/wp-json\/wp\/v2\/media?parent=12687"}],"curies":[{"name":"wp","href":"https:\/\/api.w.org\/{rel}","templated":true}]}}